{"id":3316,"date":"2015-12-16T11:06:20","date_gmt":"2015-12-16T10:06:20","guid":{"rendered":"https:\/\/neu.sebim.ch\/formazione\/kurse\/"},"modified":"2026-02-16T18:10:05","modified_gmt":"2026-02-16T17:10:05","slug":"kurse","status":"publish","type":"page","link":"https:\/\/sebim.ch\/it\/formazione\/kurse\/","title":{"rendered":"Kurse \/ Cours \/ Corsi"},"content":{"rendered":"<div class=\"wpb-content-wrapper\"><p>[vc_row][vc_column][vc_toggle title=&#8221;PSYCH-K\u00ae Basic Workshop&#8221; color=&#8221;sky&#8221; css=&#8221;&#8221;]<\/p>\n<div class=\"wpb_text_column wpb_content_element \">\n<div class=\"wpb_wrapper\">\n<h3 style=\"text-align: left;\">PSYCH-K\u00ae Basic Workshop<\/h3>\n<p>Ver\u00e4nderungen kraftvoll &amp; mit Leichtigkeit umsetzen<\/p>\n<h3 style=\"text-align: right;\"><img decoding=\"async\" class=\" wp-image-7145 alignright\" src=\"https:\/\/sebim.ch\/wp-content\/uploads\/2025\/12\/Flyer_Psych-K-Basic-Workshop_2026_2025-12-212x300.png\" alt=\"\" width=\"285\" height=\"403\" srcset=\"https:\/\/sebim.ch\/wp-content\/uploads\/2025\/12\/Flyer_Psych-K-Basic-Workshop_2026_2025-12-200x283.png 200w, https:\/\/sebim.ch\/wp-content\/uploads\/2025\/12\/Flyer_Psych-K-Basic-Workshop_2026_2025-12-212x300.png 212w, https:\/\/sebim.ch\/wp-content\/uploads\/2025\/12\/Flyer_Psych-K-Basic-Workshop_2026_2025-12-400x566.png 400w, https:\/\/sebim.ch\/wp-content\/uploads\/2025\/12\/Flyer_Psych-K-Basic-Workshop_2026_2025-12-600x849.png 600w, https:\/\/sebim.ch\/wp-content\/uploads\/2025\/12\/Flyer_Psych-K-Basic-Workshop_2026_2025-12-724x1024.png 724w, https:\/\/sebim.ch\/wp-content\/uploads\/2025\/12\/Flyer_Psych-K-Basic-Workshop_2026_2025-12-768x1086.png 768w, https:\/\/sebim.ch\/wp-content\/uploads\/2025\/12\/Flyer_Psych-K-Basic-Workshop_2026_2025-12-800x1132.png 800w, https:\/\/sebim.ch\/wp-content\/uploads\/2025\/12\/Flyer_Psych-K-Basic-Workshop_2026_2025-12-1086x1536.png 1086w, https:\/\/sebim.ch\/wp-content\/uploads\/2025\/12\/Flyer_Psych-K-Basic-Workshop_2026_2025-12-1200x1697.png 1200w, https:\/\/sebim.ch\/wp-content\/uploads\/2025\/12\/Flyer_Psych-K-Basic-Workshop_2026_2025-12.png 1414w\" sizes=\"(max-width: 285px) 100vw, 285px\" \/><\/h3>\n<p>\u201dEgal ob du glaubst, dass du etwas kannst oder es nicht kannst \u2013 du hast recht!\u201d \u2013 Henry Ford \u00dcberzeugungen wie \u00abDie Welt ist gef\u00e4hrlich und anstrengend\u00bb oder \u00abDie Welt ist liebevoll\u00a0und sch\u00f6n\u00bb machen es aus, ob wir uns in der Welt bedroht f\u00fchlen oder eben nicht. Solche \u00dcberzeugungen werden bereits im fr\u00fchkindlichen Alter im Unterbewusstsein programmiert durch die Eltern, Kultur, Vorbilder oder generell durch das Umfeld. Diese begleiten uns im Leben und vor allem hindernde Glaubenss\u00e4tze, machen uns das Leben schwer. Mit PSYCH-K\u00ae k\u00f6nnen wir unsere Realit\u00e4t neu gestalten, indem wir diese hindernden Glaubenss\u00e4tze direkt im Unterbewusstsein ver\u00e4ndern.<br \/>\n<strong>Ziele<\/strong><br \/>\nMit PSYCH-K\u00ae erlernst du eine einzigartige, hocheffiziente und nachhaltige Methode f\u00fcr Ver\u00e4nderungs- prozesse. Bereits nach dem Basic Workshop kannst du diese Ver\u00e4nderungen mit Leichtigkeit bei dir selbst ausf\u00fchren. Zus\u00e4tzlich kannst du bereits andere Menschen in Ver\u00e4nderungsprozessen begleiten. Klar strukturierte Abl\u00e4ufe, welche Schritt f\u00fcr Schritt ausgef\u00fchrt werden, bewirken Transformationen in allen Lebensbereichen wie z.B. Selbstwertgef\u00fchl, pers\u00f6nliche Beziehungen, emotionale Probleme, Schwierigkeiten im Beruf und vielen mehr. Welche Ziele du dir auch setzt oder welche \u00dcberzeugungen du ver\u00e4ndern m\u00f6chtest \u2013 Mit PSYCH-K\u00ae wird dies direkt im Unterbewusstsein verankert und so die Umsetzung massiv beschleunigt und unterst\u00fctzt.<\/p>\n<p><strong>Als Teilnehmer*In des PSYCH-K\u00ae Basic Workshops, lernst du folgende Inhalte:<\/strong><br \/>\n&#8211; Die Funktionsweisen von Bewusstsein, Unterbewusstsein und \u00dcberbewusstsein<br \/>\n&#8211; Die exakte Formulierung der neuen \u00dcberzeugungen, damit diese vom Unterbewusstsein verstanden werden<br \/>\n&#8211; Ein Biofeedback mittels kinesiologischem Muskeltest<br \/>\n&#8211; Zwei einzigartige Ver\u00e4nderungsprozesse mit PSYCH-K\u00ae<br \/>\n&#8211; Ein kraftvoller Transformationsprozess f\u00fcr \u00c4ngste, Stress und akute Zust\u00e4nde<br \/>\n&#8211; Wie du PSYCH-K\u00ae erfolgreich in deinen Alltag integrierst<br \/>\n&#8211; Wie du mit PSYCH-K\u00ae andere Menschen unterst\u00fctzen kannst<\/p>\n<p><strong>Kursdaten:<\/strong> Freitag \u2013 Sonntag, 10.07.2026, 11.07.2026, 12.07.2026<br \/>\n<strong>Kursleiterin:<\/strong> Andrea Zulauf<br \/>\n<strong>Kursort:<\/strong> Bullingerhaus, Jurastrasse 13, 5000 Aarau<br \/>\n<strong>Kurszeiten:<\/strong> Freitag 10.00 \u2013 18.00 Uhr, Samstag 09.00 \u2013 17.00 Uhr, Sonntag 09.00 \u2013 16.00 Uhr<br \/>\n<strong>Kurskosten:<\/strong> CHF 1100.\u2013 (Reduktion f\u00fcr Studenten oder Paare CHF 50.\u2013)<\/p>\n<\/div>\n<\/div>\n<div class=\"wpb_text_column wpb_content_element \">\n<p><a href=\"https:\/\/sebim.ch\/wp-content\/uploads\/2025\/12\/Psych-K_2026_2025-11.pdf\">Download Kursausschreibung<\/a><\/p>\n<div class=\"wpb_wrapper\"><a href=\"https:\/\/sebim.ch\/wp-content\/uploads\/2025\/03\/Anmeldeformular-alle-Kurse_2023-03.pdf\">Download Anmeldeformular<\/a><\/div>\n<\/div>\n<p>[\/vc_toggle][vc_toggle title=&#8221;Deep Dive Basiskurs \u2013 Breathwork &#8221; color=&#8221;sky&#8221; css=&#8221;&#8221;]<\/p>\n<div class=\"wpb_text_column wpb_content_element \">\n<div class=\"wpb_wrapper\">\n<h3 style=\"text-align: left;\">Deep Dive Basiskurs \u2013 Breathwork<\/h3>\n<p style=\"text-align: left;\">mit Bernadette und Patric<\/p>\n<p style=\"text-align: left;\">Erlebe die Kraft deines Atems an einem Tag voller Bewusstheit,<img decoding=\"async\" class=\"size-medium wp-image-7422 alignright\" src=\"https:\/\/sebim.ch\/wp-content\/uploads\/2026\/02\/Deep-Dive-Breathwork-Basiskurs-212x300.png\" alt=\"\" width=\"212\" height=\"300\" srcset=\"https:\/\/sebim.ch\/wp-content\/uploads\/2026\/02\/Deep-Dive-Breathwork-Basiskurs-200x283.png 200w, https:\/\/sebim.ch\/wp-content\/uploads\/2026\/02\/Deep-Dive-Breathwork-Basiskurs-212x300.png 212w, https:\/\/sebim.ch\/wp-content\/uploads\/2026\/02\/Deep-Dive-Breathwork-Basiskurs-400x566.png 400w, https:\/\/sebim.ch\/wp-content\/uploads\/2026\/02\/Deep-Dive-Breathwork-Basiskurs-600x849.png 600w, https:\/\/sebim.ch\/wp-content\/uploads\/2026\/02\/Deep-Dive-Breathwork-Basiskurs-724x1024.png 724w, https:\/\/sebim.ch\/wp-content\/uploads\/2026\/02\/Deep-Dive-Breathwork-Basiskurs-768x1086.png 768w, https:\/\/sebim.ch\/wp-content\/uploads\/2026\/02\/Deep-Dive-Breathwork-Basiskurs-800x1132.png 800w, https:\/\/sebim.ch\/wp-content\/uploads\/2026\/02\/Deep-Dive-Breathwork-Basiskurs-1086x1536.png 1086w, https:\/\/sebim.ch\/wp-content\/uploads\/2026\/02\/Deep-Dive-Breathwork-Basiskurs-1200x1697.png 1200w, https:\/\/sebim.ch\/wp-content\/uploads\/2026\/02\/Deep-Dive-Breathwork-Basiskurs.png 1414w\" sizes=\"(max-width: 212px) 100vw, 212px\" \/><br \/>\nBewegung und innerer Klarheit.<\/p>\n<p>In diesem Workshop lernst du sanfte Atemtechniken kennen und<br \/>\ntauchst in eine gef\u00fchrte Atemreise (Conscious Connected Breathing) ein.<\/p>\n<p>Gemeinsam l\u00f6sen wir Stress, aktivieren Lebensenergie und \u00f6ffnen einen Raum f\u00fcr Leichtigkeit und Verbundenheit.<\/p>\n<p>Nach einer achtsamen Einf\u00fchrung mit sanften K\u00f6rper\u00fcbungen tauchen wir am Nachmittag in den Deep Dive ein \u2013 begleitet von Musik, Bewegung und einer sanften Integration. Ein n\u00e4hrendes, vegetarisches Mittagessen aus frischen, nat\u00fcrlichen Zutaten ist inklusive.<\/p>\n<p><strong>Kursdatum:<\/strong> 03. Oktober 2026 von 08:30 &#8211; 17:00 Uhr<br \/>\n<strong>Kursort:<\/strong> Im Wechsel 6, 5042 Hirschthal<\/p>\n<p>Mind. 8, max. 12 Teilnehmer<\/p>\n<p>Der Kurs ist nicht EMR-Anerkannt<\/p>\n<\/div>\n<\/div>\n<div class=\"wpb_text_column wpb_content_element \"><a href=\"https:\/\/sebim.ch\/wp-content\/uploads\/2026\/02\/Kursausschreibung_Sensaia_2026-02.pdf\">Download Kursausschreibung<\/a><\/div>\n<div><\/div>\n<div class=\"wpb_text_column wpb_content_element \">\n<div class=\"wpb_wrapper\"><a href=\"https:\/\/sebim.ch\/wp-content\/uploads\/2025\/03\/Anmeldeformular-alle-Kurse_2023-03.pdf\">Download Anmeldeformular<\/a><\/div>\n<\/div>\n<p>[\/vc_toggle][vc_toggle title=&#8221;EFT &#8211; Basisseminar&#8221; color=&#8221;sky&#8221;]<\/p>\n<div class=\"wpb_text_column wpb_content_element \">\n<div class=\"wpb_wrapper\"><\/div>\n<\/div>\n<div class=\"wpb_text_column wpb_content_element \">\n<div class=\"wpb_wrapper\">\n<p><strong>EFT &#8211; Basisseminar<\/strong><\/p>\n<p>Nachdem unsere ausgeschriebenen EFT-Basisseminare abgesagt werden mussten, m\u00f6chten wir InteressentInnen auf das identische Kursangebot bei der Bodyfeet AG hinweisen.<\/p>\n<p>Hier geht&#8217; s zum Kursangebot &#8211; <a href=\"https:\/\/bodyfeet-anisana2.azurewebsites.net\/ausbildungen-kurse\/frCySxWzY0WWNIYxck0cRUM\/emotional-freedom-techniques-eft-\">EFT-Basisseminar &#8211; Kursdaten und Anmeldung <\/a><\/p>\n<p><strong>Interessiert, jedoch noch unschl\u00fcssig, ob Sie das Seminar besuchen m\u00f6chten?<\/strong><br \/>\nIn diesem kostenlosen Webinar bekommen Sie ein Basiswissen \u00fcber EFT:<\/p>\n<p>Link: <a href=\"https:\/\/9227.webinaris.co\/14829\/weniger_stress___mehr_energie_in_wenigen_minuten___dank_eft_klopfakupressur.html?mode=N&amp;mode=N\">Emotional Freedom Techniques (EFT) in 70 Minuten (webinaris.co)<\/a><\/p>\n<p>&nbsp;<\/p>\n<\/div>\n<\/div>\n<p>[\/vc_toggle][\/vc_column][\/vc_row][vc_row][vc_column][\/vc_column][\/vc_row]<\/p>\n<\/div>","protected":false},"excerpt":{"rendered":"<p>[vc_row][vc_column][vc_toggle title=&#8221;PSYCH-K\u00ae Basic Workshop&#8221; color=&#8221;sky&#8221; css=&#8221;&#8221;] PSYCH-K\u00ae Basic Workshop Ver\u00e4nderungen  [&#8230;]<\/p>\n","protected":false},"author":1,"featured_media":0,"parent":2805,"menu_order":0,"comment_status":"closed","ping_status":"closed","template":"","meta":{"_cbd_carousel_blocks":"[]","footnotes":""},"class_list":["post-3316","page","type-page","status-publish","hentry"],"yoast_head":"<!-- This site is optimized with the Yoast SEO plugin v27.4 - https:\/\/yoast.com\/product\/yoast-seo-wordpress\/ -->\n<title>Kurse \/ Cours \/ Corsi - Sebim.ch<\/title>\n<meta name=\"robots\" content=\"index, follow, max-snippet:-1, max-image-preview:large, max-video-preview:-1\" \/>\n<link rel=\"canonical\" href=\"https:\/\/sebim.ch\/it\/formazione\/kurse\/\" \/>\n<meta property=\"og:locale\" content=\"it_IT\" \/>\n<meta property=\"og:type\" content=\"article\" \/>\n<meta property=\"og:title\" content=\"Kurse \/ Cours \/ Corsi - Sebim.ch\" \/>\n<meta property=\"og:description\" content=\"[vc_row][vc_column][vc_toggle title=&#8221;PSYCH-K\u00ae Basic Workshop&#8221; color=&#8221;sky&#8221; css=&#8221;&#8221;] PSYCH-K\u00ae Basic Workshop Ver\u00e4nderungen [...]\" \/>\n<meta property=\"og:url\" content=\"https:\/\/sebim.ch\/it\/formazione\/kurse\/\" \/>\n<meta property=\"og:site_name\" content=\"Sebim.ch\" \/>\n<meta property=\"article:modified_time\" content=\"2026-02-16T17:10:05+00:00\" \/>\n<meta property=\"og:image\" content=\"https:\/\/sebim.ch\/wp-content\/uploads\/2025\/12\/Flyer_Psych-K-Basic-Workshop_2026_2025-12.png\" \/>\n\t<meta property=\"og:image:width\" content=\"1414\" \/>\n\t<meta property=\"og:image:height\" content=\"2000\" \/>\n\t<meta property=\"og:image:type\" content=\"image\/png\" \/>\n<meta name=\"twitter:card\" content=\"summary_large_image\" \/>\n<meta name=\"twitter:label1\" content=\"Tempo di lettura stimato\" \/>\n\t<meta name=\"twitter:data1\" content=\"7 minuti\" \/>\n<script type=\"application\/ld+json\" class=\"yoast-schema-graph\">{\"@context\":\"https:\\\/\\\/schema.org\",\"@graph\":[{\"@type\":\"WebPage\",\"@id\":\"https:\\\/\\\/sebim.ch\\\/it\\\/formazione\\\/kurse\\\/\",\"url\":\"https:\\\/\\\/sebim.ch\\\/it\\\/formazione\\\/kurse\\\/\",\"name\":\"Kurse \\\/ Cours \\\/ Corsi - Sebim.ch\",\"isPartOf\":{\"@id\":\"https:\\\/\\\/sebim.ch\\\/it\\\/#website\"},\"primaryImageOfPage\":{\"@id\":\"https:\\\/\\\/sebim.ch\\\/it\\\/formazione\\\/kurse\\\/#primaryimage\"},\"image\":{\"@id\":\"https:\\\/\\\/sebim.ch\\\/it\\\/formazione\\\/kurse\\\/#primaryimage\"},\"thumbnailUrl\":\"https:\\\/\\\/sebim.ch\\\/wp-content\\\/uploads\\\/2025\\\/12\\\/Flyer_Psych-K-Basic-Workshop_2026_2025-12-212x300.png\",\"datePublished\":\"2015-12-16T10:06:20+00:00\",\"dateModified\":\"2026-02-16T17:10:05+00:00\",\"breadcrumb\":{\"@id\":\"https:\\\/\\\/sebim.ch\\\/it\\\/formazione\\\/kurse\\\/#breadcrumb\"},\"inLanguage\":\"it-IT\",\"potentialAction\":[{\"@type\":\"ReadAction\",\"target\":[\"https:\\\/\\\/sebim.ch\\\/it\\\/formazione\\\/kurse\\\/\"]}]},{\"@type\":\"ImageObject\",\"inLanguage\":\"it-IT\",\"@id\":\"https:\\\/\\\/sebim.ch\\\/it\\\/formazione\\\/kurse\\\/#primaryimage\",\"url\":\"https:\\\/\\\/sebim.ch\\\/wp-content\\\/uploads\\\/2025\\\/12\\\/Flyer_Psych-K-Basic-Workshop_2026_2025-12-212x300.png\",\"contentUrl\":\"https:\\\/\\\/sebim.ch\\\/wp-content\\\/uploads\\\/2025\\\/12\\\/Flyer_Psych-K-Basic-Workshop_2026_2025-12-212x300.png\"},{\"@type\":\"BreadcrumbList\",\"@id\":\"https:\\\/\\\/sebim.ch\\\/it\\\/formazione\\\/kurse\\\/#breadcrumb\",\"itemListElement\":[{\"@type\":\"ListItem\",\"position\":1,\"name\":\"Startseite\",\"item\":\"https:\\\/\\\/sebim.ch\\\/it\\\/\"},{\"@type\":\"ListItem\",\"position\":2,\"name\":\"Formazione\",\"item\":\"https:\\\/\\\/sebim.ch\\\/it\\\/formazione\\\/\"},{\"@type\":\"ListItem\",\"position\":3,\"name\":\"Kurse \\\/ Cours \\\/ Corsi\"}]},{\"@type\":\"WebSite\",\"@id\":\"https:\\\/\\\/sebim.ch\\\/it\\\/#website\",\"url\":\"https:\\\/\\\/sebim.ch\\\/it\\\/\",\"name\":\"Sebim.ch\",\"description\":\"SCHWEIZERISCHE GESELLSCHAFT F\u00dcR ENERGIE- BIORESONANZ &amp; INFORMATIONSMEDIZIN\",\"potentialAction\":[{\"@type\":\"SearchAction\",\"target\":{\"@type\":\"EntryPoint\",\"urlTemplate\":\"https:\\\/\\\/sebim.ch\\\/it\\\/?s={search_term_string}\"},\"query-input\":{\"@type\":\"PropertyValueSpecification\",\"valueRequired\":true,\"valueName\":\"search_term_string\"}}],\"inLanguage\":\"it-IT\"}]}<\/script>\n<!-- \/ Yoast SEO plugin. -->","yoast_head_json":{"title":"Kurse \/ Cours \/ Corsi - Sebim.ch","robots":{"index":"index","follow":"follow","max-snippet":"max-snippet:-1","max-image-preview":"max-image-preview:large","max-video-preview":"max-video-preview:-1"},"canonical":"https:\/\/sebim.ch\/it\/formazione\/kurse\/","og_locale":"it_IT","og_type":"article","og_title":"Kurse \/ Cours \/ Corsi - Sebim.ch","og_description":"[vc_row][vc_column][vc_toggle title=&#8221;PSYCH-K\u00ae Basic Workshop&#8221; color=&#8221;sky&#8221; css=&#8221;&#8221;] PSYCH-K\u00ae Basic Workshop Ver\u00e4nderungen [...]","og_url":"https:\/\/sebim.ch\/it\/formazione\/kurse\/","og_site_name":"Sebim.ch","article_modified_time":"2026-02-16T17:10:05+00:00","og_image":[{"width":1414,"height":2000,"url":"https:\/\/sebim.ch\/wp-content\/uploads\/2025\/12\/Flyer_Psych-K-Basic-Workshop_2026_2025-12.png","type":"image\/png"}],"twitter_card":"summary_large_image","twitter_misc":{"Tempo di lettura stimato":"7 minuti"},"schema":{"@context":"https:\/\/schema.org","@graph":[{"@type":"WebPage","@id":"https:\/\/sebim.ch\/it\/formazione\/kurse\/","url":"https:\/\/sebim.ch\/it\/formazione\/kurse\/","name":"Kurse \/ Cours \/ Corsi - Sebim.ch","isPartOf":{"@id":"https:\/\/sebim.ch\/it\/#website"},"primaryImageOfPage":{"@id":"https:\/\/sebim.ch\/it\/formazione\/kurse\/#primaryimage"},"image":{"@id":"https:\/\/sebim.ch\/it\/formazione\/kurse\/#primaryimage"},"thumbnailUrl":"https:\/\/sebim.ch\/wp-content\/uploads\/2025\/12\/Flyer_Psych-K-Basic-Workshop_2026_2025-12-212x300.png","datePublished":"2015-12-16T10:06:20+00:00","dateModified":"2026-02-16T17:10:05+00:00","breadcrumb":{"@id":"https:\/\/sebim.ch\/it\/formazione\/kurse\/#breadcrumb"},"inLanguage":"it-IT","potentialAction":[{"@type":"ReadAction","target":["https:\/\/sebim.ch\/it\/formazione\/kurse\/"]}]},{"@type":"ImageObject","inLanguage":"it-IT","@id":"https:\/\/sebim.ch\/it\/formazione\/kurse\/#primaryimage","url":"https:\/\/sebim.ch\/wp-content\/uploads\/2025\/12\/Flyer_Psych-K-Basic-Workshop_2026_2025-12-212x300.png","contentUrl":"https:\/\/sebim.ch\/wp-content\/uploads\/2025\/12\/Flyer_Psych-K-Basic-Workshop_2026_2025-12-212x300.png"},{"@type":"BreadcrumbList","@id":"https:\/\/sebim.ch\/it\/formazione\/kurse\/#breadcrumb","itemListElement":[{"@type":"ListItem","position":1,"name":"Startseite","item":"https:\/\/sebim.ch\/it\/"},{"@type":"ListItem","position":2,"name":"Formazione","item":"https:\/\/sebim.ch\/it\/formazione\/"},{"@type":"ListItem","position":3,"name":"Kurse \/ Cours \/ Corsi"}]},{"@type":"WebSite","@id":"https:\/\/sebim.ch\/it\/#website","url":"https:\/\/sebim.ch\/it\/","name":"Sebim.ch","description":"SCHWEIZERISCHE GESELLSCHAFT F\u00dcR ENERGIE- BIORESONANZ &amp; INFORMATIONSMEDIZIN","potentialAction":[{"@type":"SearchAction","target":{"@type":"EntryPoint","urlTemplate":"https:\/\/sebim.ch\/it\/?s={search_term_string}"},"query-input":{"@type":"PropertyValueSpecification","valueRequired":true,"valueName":"search_term_string"}}],"inLanguage":"it-IT"}]}},"_links":{"self":[{"href":"https:\/\/sebim.ch\/it\/wp-json\/wp\/v2\/pages\/3316","targetHints":{"allow":["GET"]}}],"collection":[{"href":"https:\/\/sebim.ch\/it\/wp-json\/wp\/v2\/pages"}],"about":[{"href":"https:\/\/sebim.ch\/it\/wp-json\/wp\/v2\/types\/page"}],"author":[{"embeddable":true,"href":"https:\/\/sebim.ch\/it\/wp-json\/wp\/v2\/users\/1"}],"replies":[{"embeddable":true,"href":"https:\/\/sebim.ch\/it\/wp-json\/wp\/v2\/comments?post=3316"}],"version-history":[{"count":84,"href":"https:\/\/sebim.ch\/it\/wp-json\/wp\/v2\/pages\/3316\/revisions"}],"predecessor-version":[{"id":7430,"href":"https:\/\/sebim.ch\/it\/wp-json\/wp\/v2\/pages\/3316\/revisions\/7430"}],"up":[{"embeddable":true,"href":"https:\/\/sebim.ch\/it\/wp-json\/wp\/v2\/pages\/2805"}],"wp:attachment":[{"href":"https:\/\/sebim.ch\/it\/wp-json\/wp\/v2\/media?parent=3316"}],"curies":[{"name":"wp","href":"https:\/\/api.w.org\/{rel}","templated":true}]}}